{"id":6987,"date":"2025-04-21T08:34:58","date_gmt":"2025-04-21T12:34:58","guid":{"rendered":"https:\/\/www.synergie.ca\/?page_id=6987"},"modified":"2025-04-21T08:50:25","modified_gmt":"2025-04-21T12:50:25","slug":"accompagnement-des-cadres","status":"publish","type":"page","link":"https:\/\/www.synergie.ca\/fr\/employeurs\/accompagnement-des-cadres\/","title":{"rendered":"Accompagnement des cadres."},"content":{"rendered":"\n<h2 class=\"wp-block-heading has-text-align-center\">Accompagnement des cadres<\/h2>\n\n\n\n<p class=\"has-medium-font-size\">Recruter un cadre, c\u2019est bien plus qu\u2019une embauche. C\u2019est un choix strat\u00e9gique. Nous sommes l\u00e0 pour vous guider \u00e0 chaque moment cl\u00e9, avec rigueur, vision et engagement.<\/p>\n\n\n\n<div class=\"wp-block-buttons is-content-justification-center is-layout-flex wp-container-core-buttons-is-layout-a89b3969 wp-block-buttons-is-layout-flex\">\n<div class=\"wp-block-button\"><a class=\"wp-block-button__link has-custom-blanc-color has-custom-rouge-background-color has-text-color has-background has-link-color has-mdm-large-font-size has-custom-font-size wp-element-button\" href=\"https:\/\/www.synergie.ca\/fr\/employeurs\/demande-de-soumission\/\">Contactez-nous d\u00e8s maintenant<\/a><\/div>\n<\/div>\n\n\n\n<div class=\"wp-block-media-text has-media-on-the-right is-stacked-on-mobile\" style=\"grid-template-columns:auto 40%\"><div class=\"wp-block-media-text__content\">\n<p class=\"has-custom-noir-color has-text-color has-link-color has-medium-font-size wp-elements-1ab177bc0e9e49830e09755bfaff4c6d\"><strong><mark style=\"background-color:rgba(0, 0, 0, 0)\" class=\"has-inline-color has-custom-rouge-color\">Analyse strat\u00e9gique du poste<\/mark><\/strong>: Nous travaillons \u00e0 vos c\u00f4t\u00e9s pour d\u00e9finir avec pr\u00e9cision les contours du poste \u00e0 pourvoir et les comp\u00e9tences cl\u00e9s, en parfaite coh\u00e9rence avec votre mission, votre culture et vos ambitions de croissance.<\/p>\n<\/div><figure class=\"wp-block-media-text__media\"><img loading=\"lazy\" decoding=\"async\" width=\"1024\" height=\"591\" src=\"https:\/\/www.synergie.ca\/wp-content\/uploads\/2024\/02\/businessman-4914044_1280-1024x591.jpg\" alt=\"\" class=\"wp-image-5496 size-full\" srcset=\"https:\/\/www.synergie.ca\/wp-content\/uploads\/2024\/02\/businessman-4914044_1280-1024x591.jpg 1024w, https:\/\/www.synergie.ca\/wp-content\/uploads\/2024\/02\/businessman-4914044_1280-300x173.jpg 300w, https:\/\/www.synergie.ca\/wp-content\/uploads\/2024\/02\/businessman-4914044_1280-768x443.jpg 768w, https:\/\/www.synergie.ca\/wp-content\/uploads\/2024\/02\/businessman-4914044_1280.jpg 1280w\" sizes=\"auto, (max-width: 1024px) 100vw, 1024px\" \/><\/figure><\/div>\n\n\n\n<div class=\"wp-block-media-text is-stacked-on-mobile\" style=\"grid-template-columns:40% auto\"><figure class=\"wp-block-media-text__media\"><img loading=\"lazy\" decoding=\"async\" width=\"1024\" height=\"682\" src=\"https:\/\/www.synergie.ca\/wp-content\/uploads\/2025\/04\/ink-pen-4840419_1280-1024x682.jpg\" alt=\"\" class=\"wp-image-6999 size-full\" srcset=\"https:\/\/www.synergie.ca\/wp-content\/uploads\/2025\/04\/ink-pen-4840419_1280-1024x682.jpg 1024w, https:\/\/www.synergie.ca\/wp-content\/uploads\/2025\/04\/ink-pen-4840419_1280-300x200.jpg 300w, https:\/\/www.synergie.ca\/wp-content\/uploads\/2025\/04\/ink-pen-4840419_1280-768x512.jpg 768w, https:\/\/www.synergie.ca\/wp-content\/uploads\/2025\/04\/ink-pen-4840419_1280.jpg 1280w\" sizes=\"auto, (max-width: 1024px) 100vw, 1024px\" \/><\/figure><div class=\"wp-block-media-text__content\">\n<p class=\"has-medium-font-size\"><strong><mark style=\"background-color:rgba(0, 0, 0, 0)\" class=\"has-inline-color has-custom-rouge-color\">S\u00e9lection cibl\u00e9e et sur mesure<\/mark>: <\/strong>Nos experts identifient et approchent des talents de haut niveau. Nous vous accompagnons dans la cr\u00e9ation d\u2019une grille d\u2019entrevue cibl\u00e9e et lors des entretiens, afin de vous permettre de prendre des d\u00e9cisions \u00e9clair\u00e9es et align\u00e9es avec vos enjeux strat\u00e9giques.<\/p>\n<\/div><\/div>\n\n\n\n<div class=\"wp-block-media-text has-media-on-the-right is-stacked-on-mobile\" style=\"grid-template-columns:auto 40%\"><div class=\"wp-block-media-text__content\">\n<p class=\"has-medium-font-size\"><strong><mark style=\"background-color:rgba(0, 0, 0, 0)\" class=\"has-inline-color has-custom-rouge-color\">Int\u00e9gration et int\u00e9gration du leadership<\/mark>:<\/strong> Nous assurons un soutien personnalis\u00e9 d\u00e8s la confirmation du dirigeant : prise de fonction, int\u00e9gration au sein de vos \u00e9quipes, accompagnement dans les premiers d\u00e9fis\u2026 pour une transition fluide et durable.<\/p>\n<\/div><figure class=\"wp-block-media-text__media\"><img loading=\"lazy\" decoding=\"async\" width=\"1024\" height=\"701\" src=\"https:\/\/www.synergie.ca\/wp-content\/uploads\/2025\/02\/business-8812043_1280-1024x701.jpg\" alt=\"\" class=\"wp-image-6314 size-full\" srcset=\"https:\/\/www.synergie.ca\/wp-content\/uploads\/2025\/02\/business-8812043_1280-1024x701.jpg 1024w, https:\/\/www.synergie.ca\/wp-content\/uploads\/2025\/02\/business-8812043_1280-300x205.jpg 300w, https:\/\/www.synergie.ca\/wp-content\/uploads\/2025\/02\/business-8812043_1280-768x526.jpg 768w, https:\/\/www.synergie.ca\/wp-content\/uploads\/2025\/02\/business-8812043_1280.jpg 1280w\" sizes=\"auto, (max-width: 1024px) 100vw, 1024px\" \/><\/figure><\/div>\n\n\n\n<div class=\"wp-block-buttons is-content-justification-center is-layout-flex wp-container-core-buttons-is-layout-a89b3969 wp-block-buttons-is-layout-flex\">\n<div class=\"wp-block-button\"><a class=\"wp-block-button__link has-custom-blanc-color has-custom-rouge-background-color has-text-color has-background has-link-color has-mdm-large-font-size has-custom-font-size wp-element-button\" href=\"https:\/\/www.synergie.ca\/fr\/employeurs\/demande-de-soumission\/\">Contactez-nous d\u00e8s maintenant<\/a><\/div>\n<\/div>\n\n\n\n<p><\/p>\n","protected":false},"excerpt":{"rendered":"<p>Accompagnement des cadres Recruter un cadre, c\u2019est bien plus qu\u2019une embauche. C\u2019est un choix strat\u00e9gique. Nous sommes l\u00e0 pour vous guider \u00e0 chaque moment cl\u00e9, avec rigueur, vision et engagement. Analyse strat\u00e9gique du poste: Nous travaillons \u00e0 vos c\u00f4t\u00e9s pour d\u00e9finir avec pr\u00e9cision les contours du poste \u00e0 pourvoir et les comp\u00e9tences cl\u00e9s, en parfaite [&hellip;]<\/p>\n","protected":false},"author":1,"featured_media":0,"parent":109,"menu_order":0,"comment_status":"closed","ping_status":"closed","template":"","meta":{"footnotes":""},"class_list":["post-6987","page","type-page","status-publish","hentry"],"yoast_head":"<!-- This site is optimized with the Yoast SEO plugin v27.5 - https:\/\/yoast.com\/product\/yoast-seo-wordpress\/ -->\n<title>- Synergie<\/title>\n<meta name=\"robots\" content=\"index, follow, max-snippet:-1, max-image-preview:large, max-video-preview:-1\" \/>\n<link rel=\"canonical\" href=\"https:\/\/www.synergie.ca\/fr\/employeurs\/accompagnement-des-cadres\/\" \/>\n<meta property=\"og:locale\" content=\"fr_FR\" \/>\n<meta property=\"og:type\" content=\"article\" \/>\n<meta property=\"og:title\" content=\"- Synergie\" \/>\n<meta property=\"og:description\" content=\"Accompagnement des cadres Recruter un cadre, c\u2019est bien plus qu\u2019une embauche. C\u2019est un choix strat\u00e9gique. Nous sommes l\u00e0 pour vous guider \u00e0 chaque moment cl\u00e9, avec rigueur, vision et engagement. Analyse strat\u00e9gique du poste: Nous travaillons \u00e0 vos c\u00f4t\u00e9s pour d\u00e9finir avec pr\u00e9cision les contours du poste \u00e0 pourvoir et les comp\u00e9tences cl\u00e9s, en parfaite [&hellip;]\" \/>\n<meta property=\"og:url\" content=\"https:\/\/www.synergie.ca\/fr\/employeurs\/accompagnement-des-cadres\/\" \/>\n<meta property=\"og:site_name\" content=\"Synergie\" \/>\n<meta property=\"article:publisher\" content=\"https:\/\/www.facebook.com\/Synergie.ca\" \/>\n<meta property=\"article:modified_time\" content=\"2025-04-21T12:50:25+00:00\" \/>\n<meta property=\"og:image\" content=\"https:\/\/www.synergie.ca\/wp-content\/uploads\/2024\/02\/businessman-4914044_1280-1024x591.jpg\" \/>\n<meta name=\"twitter:card\" content=\"summary_large_image\" \/>\n<script type=\"application\/ld+json\" class=\"yoast-schema-graph\">{\"@context\":\"https:\\\/\\\/schema.org\",\"@graph\":[{\"@type\":\"WebPage\",\"@id\":\"https:\\\/\\\/www.synergie.ca\\\/fr\\\/employeurs\\\/accompagnement-des-cadres\\\/\",\"url\":\"https:\\\/\\\/www.synergie.ca\\\/fr\\\/employeurs\\\/accompagnement-des-cadres\\\/\",\"name\":\"- Synergie\",\"isPartOf\":{\"@id\":\"https:\\\/\\\/www.synergie.ca\\\/fr\\\/#website\"},\"primaryImageOfPage\":{\"@id\":\"https:\\\/\\\/www.synergie.ca\\\/fr\\\/employeurs\\\/accompagnement-des-cadres\\\/#primaryimage\"},\"image\":{\"@id\":\"https:\\\/\\\/www.synergie.ca\\\/fr\\\/employeurs\\\/accompagnement-des-cadres\\\/#primaryimage\"},\"thumbnailUrl\":\"https:\\\/\\\/www.synergie.ca\\\/wp-content\\\/uploads\\\/2024\\\/02\\\/businessman-4914044_1280-1024x591.jpg\",\"datePublished\":\"2025-04-21T12:34:58+00:00\",\"dateModified\":\"2025-04-21T12:50:25+00:00\",\"breadcrumb\":{\"@id\":\"https:\\\/\\\/www.synergie.ca\\\/fr\\\/employeurs\\\/accompagnement-des-cadres\\\/#breadcrumb\"},\"inLanguage\":\"fr-FR\",\"potentialAction\":[{\"@type\":\"ReadAction\",\"target\":[\"https:\\\/\\\/www.synergie.ca\\\/fr\\\/employeurs\\\/accompagnement-des-cadres\\\/\"]}]},{\"@type\":\"ImageObject\",\"inLanguage\":\"fr-FR\",\"@id\":\"https:\\\/\\\/www.synergie.ca\\\/fr\\\/employeurs\\\/accompagnement-des-cadres\\\/#primaryimage\",\"url\":\"https:\\\/\\\/www.synergie.ca\\\/wp-content\\\/uploads\\\/2024\\\/02\\\/businessman-4914044_1280-1024x591.jpg\",\"contentUrl\":\"https:\\\/\\\/www.synergie.ca\\\/wp-content\\\/uploads\\\/2024\\\/02\\\/businessman-4914044_1280-1024x591.jpg\"},{\"@type\":\"BreadcrumbList\",\"@id\":\"https:\\\/\\\/www.synergie.ca\\\/fr\\\/employeurs\\\/accompagnement-des-cadres\\\/#breadcrumb\",\"itemListElement\":[{\"@type\":\"ListItem\",\"position\":1,\"name\":\"Home\",\"item\":\"https:\\\/\\\/www.synergie.ca\\\/fr\\\/\"},{\"@type\":\"ListItem\",\"position\":2,\"name\":\"Employeurs\",\"item\":\"https:\\\/\\\/www.synergie.ca\\\/fr\\\/employeurs\\\/\"},{\"@type\":\"ListItem\",\"position\":3,\"name\":\"Accompagnement des cadres.\"}]},{\"@type\":\"WebSite\",\"@id\":\"https:\\\/\\\/www.synergie.ca\\\/fr\\\/#website\",\"url\":\"https:\\\/\\\/www.synergie.ca\\\/fr\\\/\",\"name\":\"Synergie\",\"description\":\"\",\"publisher\":{\"@id\":\"https:\\\/\\\/www.synergie.ca\\\/fr\\\/#organization\"},\"potentialAction\":[{\"@type\":\"SearchAction\",\"target\":{\"@type\":\"EntryPoint\",\"urlTemplate\":\"https:\\\/\\\/www.synergie.ca\\\/fr\\\/?s={search_term_string}\"},\"query-input\":{\"@type\":\"PropertyValueSpecification\",\"valueRequired\":true,\"valueName\":\"search_term_string\"}}],\"inLanguage\":\"fr-FR\"},{\"@type\":\"Organization\",\"@id\":\"https:\\\/\\\/www.synergie.ca\\\/fr\\\/#organization\",\"name\":\"Synergie Canada\",\"url\":\"https:\\\/\\\/www.synergie.ca\\\/fr\\\/\",\"logo\":{\"@type\":\"ImageObject\",\"inLanguage\":\"fr-FR\",\"@id\":\"https:\\\/\\\/www.synergie.ca\\\/fr\\\/#\\\/schema\\\/logo\\\/image\\\/\",\"url\":\"https:\\\/\\\/www.synergie.ca\\\/wp-content\\\/uploads\\\/2025\\\/02\\\/LOGO_SYNERGIE_RVB-1.jpg\",\"contentUrl\":\"https:\\\/\\\/www.synergie.ca\\\/wp-content\\\/uploads\\\/2025\\\/02\\\/LOGO_SYNERGIE_RVB-1.jpg\",\"width\":1182,\"height\":1182,\"caption\":\"Synergie Canada\"},\"image\":{\"@id\":\"https:\\\/\\\/www.synergie.ca\\\/fr\\\/#\\\/schema\\\/logo\\\/image\\\/\"},\"sameAs\":[\"https:\\\/\\\/www.facebook.com\\\/Synergie.ca\",\"https:\\\/\\\/www.linkedin.com\\\/company\\\/synergiecanada\"]}]}<\/script>\n<!-- \/ Yoast SEO plugin. -->","yoast_head_json":{"title":"- Synergie","robots":{"index":"index","follow":"follow","max-snippet":"max-snippet:-1","max-image-preview":"max-image-preview:large","max-video-preview":"max-video-preview:-1"},"canonical":"https:\/\/www.synergie.ca\/fr\/employeurs\/accompagnement-des-cadres\/","og_locale":"fr_FR","og_type":"article","og_title":"- Synergie","og_description":"Accompagnement des cadres Recruter un cadre, c\u2019est bien plus qu\u2019une embauche. C\u2019est un choix strat\u00e9gique. Nous sommes l\u00e0 pour vous guider \u00e0 chaque moment cl\u00e9, avec rigueur, vision et engagement. Analyse strat\u00e9gique du poste: Nous travaillons \u00e0 vos c\u00f4t\u00e9s pour d\u00e9finir avec pr\u00e9cision les contours du poste \u00e0 pourvoir et les comp\u00e9tences cl\u00e9s, en parfaite [&hellip;]","og_url":"https:\/\/www.synergie.ca\/fr\/employeurs\/accompagnement-des-cadres\/","og_site_name":"Synergie","article_publisher":"https:\/\/www.facebook.com\/Synergie.ca","article_modified_time":"2025-04-21T12:50:25+00:00","og_image":[{"url":"https:\/\/www.synergie.ca\/wp-content\/uploads\/2024\/02\/businessman-4914044_1280-1024x591.jpg","type":"","width":"","height":""}],"twitter_card":"summary_large_image","schema":{"@context":"https:\/\/schema.org","@graph":[{"@type":"WebPage","@id":"https:\/\/www.synergie.ca\/fr\/employeurs\/accompagnement-des-cadres\/","url":"https:\/\/www.synergie.ca\/fr\/employeurs\/accompagnement-des-cadres\/","name":"- Synergie","isPartOf":{"@id":"https:\/\/www.synergie.ca\/fr\/#website"},"primaryImageOfPage":{"@id":"https:\/\/www.synergie.ca\/fr\/employeurs\/accompagnement-des-cadres\/#primaryimage"},"image":{"@id":"https:\/\/www.synergie.ca\/fr\/employeurs\/accompagnement-des-cadres\/#primaryimage"},"thumbnailUrl":"https:\/\/www.synergie.ca\/wp-content\/uploads\/2024\/02\/businessman-4914044_1280-1024x591.jpg","datePublished":"2025-04-21T12:34:58+00:00","dateModified":"2025-04-21T12:50:25+00:00","breadcrumb":{"@id":"https:\/\/www.synergie.ca\/fr\/employeurs\/accompagnement-des-cadres\/#breadcrumb"},"inLanguage":"fr-FR","potentialAction":[{"@type":"ReadAction","target":["https:\/\/www.synergie.ca\/fr\/employeurs\/accompagnement-des-cadres\/"]}]},{"@type":"ImageObject","inLanguage":"fr-FR","@id":"https:\/\/www.synergie.ca\/fr\/employeurs\/accompagnement-des-cadres\/#primaryimage","url":"https:\/\/www.synergie.ca\/wp-content\/uploads\/2024\/02\/businessman-4914044_1280-1024x591.jpg","contentUrl":"https:\/\/www.synergie.ca\/wp-content\/uploads\/2024\/02\/businessman-4914044_1280-1024x591.jpg"},{"@type":"BreadcrumbList","@id":"https:\/\/www.synergie.ca\/fr\/employeurs\/accompagnement-des-cadres\/#breadcrumb","itemListElement":[{"@type":"ListItem","position":1,"name":"Home","item":"https:\/\/www.synergie.ca\/fr\/"},{"@type":"ListItem","position":2,"name":"Employeurs","item":"https:\/\/www.synergie.ca\/fr\/employeurs\/"},{"@type":"ListItem","position":3,"name":"Accompagnement des cadres."}]},{"@type":"WebSite","@id":"https:\/\/www.synergie.ca\/fr\/#website","url":"https:\/\/www.synergie.ca\/fr\/","name":"Synergie","description":"","publisher":{"@id":"https:\/\/www.synergie.ca\/fr\/#organization"},"potentialAction":[{"@type":"SearchAction","target":{"@type":"EntryPoint","urlTemplate":"https:\/\/www.synergie.ca\/fr\/?s={search_term_string}"},"query-input":{"@type":"PropertyValueSpecification","valueRequired":true,"valueName":"search_term_string"}}],"inLanguage":"fr-FR"},{"@type":"Organization","@id":"https:\/\/www.synergie.ca\/fr\/#organization","name":"Synergie Canada","url":"https:\/\/www.synergie.ca\/fr\/","logo":{"@type":"ImageObject","inLanguage":"fr-FR","@id":"https:\/\/www.synergie.ca\/fr\/#\/schema\/logo\/image\/","url":"https:\/\/www.synergie.ca\/wp-content\/uploads\/2025\/02\/LOGO_SYNERGIE_RVB-1.jpg","contentUrl":"https:\/\/www.synergie.ca\/wp-content\/uploads\/2025\/02\/LOGO_SYNERGIE_RVB-1.jpg","width":1182,"height":1182,"caption":"Synergie Canada"},"image":{"@id":"https:\/\/www.synergie.ca\/fr\/#\/schema\/logo\/image\/"},"sameAs":["https:\/\/www.facebook.com\/Synergie.ca","https:\/\/www.linkedin.com\/company\/synergiecanada"]}]}},"_links":{"self":[{"href":"https:\/\/www.synergie.ca\/fr\/wp-json\/wp\/v2\/pages\/6987","targetHints":{"allow":["GET"]}}],"collection":[{"href":"https:\/\/www.synergie.ca\/fr\/wp-json\/wp\/v2\/pages"}],"about":[{"href":"https:\/\/www.synergie.ca\/fr\/wp-json\/wp\/v2\/types\/page"}],"author":[{"embeddable":true,"href":"https:\/\/www.synergie.ca\/fr\/wp-json\/wp\/v2\/users\/1"}],"replies":[{"embeddable":true,"href":"https:\/\/www.synergie.ca\/fr\/wp-json\/wp\/v2\/comments?post=6987"}],"version-history":[{"count":5,"href":"https:\/\/www.synergie.ca\/fr\/wp-json\/wp\/v2\/pages\/6987\/revisions"}],"predecessor-version":[{"id":7051,"href":"https:\/\/www.synergie.ca\/fr\/wp-json\/wp\/v2\/pages\/6987\/revisions\/7051"}],"up":[{"embeddable":true,"href":"https:\/\/www.synergie.ca\/fr\/wp-json\/wp\/v2\/pages\/109"}],"wp:attachment":[{"href":"https:\/\/www.synergie.ca\/fr\/wp-json\/wp\/v2\/media?parent=6987"}],"curies":[{"name":"wp","href":"https:\/\/api.w.org\/{rel}","templated":true}]}}